{"id":2,"date":"2022-02-03T13:00:09","date_gmt":"2022-02-03T12:00:09","guid":{"rendered":"https:\/\/krueckconsult.com\/?page_id=2"},"modified":"2026-03-21T08:19:00","modified_gmt":"2026-03-21T07:19:00","slug":"home","status":"publish","type":"page","link":"https:\/\/krueckconsult.com\/de\/","title":{"rendered":"Home"},"content":{"rendered":"<div>\n<h1><strong>KrueckConsult<\/strong><sup><small>.com<\/small><\/sup><\/h1>\n<p> Energieeffizienz-Netzwerke und Klimaschutzpolitik<\/p>\n<div><i uk-icon=\"icon: receiver; ratio: 1.5;\"><\/i> +49 (0)171 \/ 4837911<\/p>\n<div class=\"uk-margin-top\">Energieeffizienz- &amp; Klimaschutz-Netzwerke<\/div>\n<div>Decarbonisierungs-Roadmaps<\/div>\n<div>Energiedienstleistungen<\/div>\n<\/div>\n<\/div>\n<div>\n<div><\/div>\n<\/div>\n<p>[microphone]<\/p>\n<h2>KrueckConsult<sup><small>.com<\/small><\/sup>&nbsp;: ein Beratungsunternehmen im Bereich der Energieeffizienz- sowie Klimaschutz-Netzwerke und der Kohlenstoffminderungspolitik.<\/h2>\n<hr>\n<div>\n<p>Mirko Kr\u00fcck ist Experte f\u00fcr Energieeffizienz und unterst\u00fctzt Unternehmen bei der Planung und Umsetzung konkreter Projekte zur Senkung von Energieverbrauch und CO\u2082-Emissionen. Sein Schwerpunkt liegt auf Energieeffizienz-Netzwerken, internationalen Projekten und praxisnahen L\u00f6sungen f\u00fcr eine wirtschaftlich erfolgreiche Energiewende.<\/p>\n<\/div>\n<div>\n<div><\/div>\n<\/div>\n<p>[commenting]<\/p>\n<h2>\u00dcber mich<\/h2>\n<hr>\n<div>Mirko Kr\u00fcck ist Berater und Unternehmer mit klarem Fokus auf Energieeffizienz in Industrie und Unternehmen. Er unterst\u00fctzt Organisationen dabei, konkrete Energieeffizienzma\u00dfnahmen zu identifizieren, umzusetzen und langfristig zu verankern, um Energiekosten zu senken und CO\u2082-Emissionen nachhaltig zu reduzieren.<\/div>\n<div>Als Leiter von krueckconsult entwickelt und begleitet er praxisorientierte Energieeffizienz-Projekte, insbesondere im Rahmen von Energieeffizienz-Netzwerken, Transformationsprogrammen und internationalen Kooperationen. Dabei arbeitet er eng mit Unternehmen, \u00f6ffentlichen Institutionen und internationalen Partnern zusammen.<\/div>\n<div>Ein besonderer Schwerpunkt seiner Arbeit liegt auf der Konzeption und Umsetzung von Projekten im internationalen Kontext, unter anderem in Europa, Asien und Afrika. Hier unterst\u00fctzt er beim Aufbau von Energieeffizienz-Strukturen, Trainingsprogrammen und lokalen Netzwerken, um nachhaltige Wirkung vor Ort zu erzielen.<\/div>\n<div>Durch seine Erfahrung verbindet er technisches Know-how mit strategischer Beratung und sorgt daf\u00fcr, dass Energieeffizienz nicht nur geplant, sondern messbar umgesetzt wird. Unternehmen profitieren von konkreten Einsparungen, erh\u00f6hter Wettbewerbsf\u00e4higkeit und einer zukunftssicheren Ausrichtung.<\/div>\n<p><p>\n        <a href=\"http:\/\/www.linkedin.com\/in\/mirko-kr\u00fcck-62650130\">LinkedIn Profil<\/a>\n    <\/p>\n<\/p>\n<ul>\n<li>\n<p>        <img decoding=\"async\" src=\"\/Bilder\/Kunden--Logo--AggerEnergie.svg\" alt=\"Logo (AggerEnergie)\"><\/p>\n<h3>AggerEnergie &#8211; Gemeinsam f\u00fcr unsere Region<\/h3>\n<\/li>\n<li>\n<p>        <img decoding=\"async\" src=\"\/Bilder\/Kunden--Logo--badenova-AG-und-Co-KG.svg\" alt=\"Logo (badenova)\"><\/p>\n<h3>badenova<\/h3>\n<\/li>\n<li>\n<p>        <img decoding=\"async\" src=\"\/Bilder\/Kunden--Logo--bnNETZE-GmbH.svg\" alt=\"Logo (bnNETZE)\"><\/p>\n<h3>bnNETZE<\/h3>\n<\/li>\n<li>\n<p>        <img decoding=\"async\" src=\"\/Bilder\/Kunden--Logo--GIZ.svg\" alt=\"Logo (Deutsche Gesellschaft f\u00fcr Internationale Zusammenarbeit (GIZ))\"><\/p>\n<h3>Deutsche Gesellschaft f\u00fcr Internationale Zusammenarbeit (GIZ)<\/h3>\n<\/li>\n<li>\n<p>        <img decoding=\"async\" src=\"\/Bilder\/Kunden--Logo--Fichtner-GmbH-und-Co.-KG.svg\" alt=\"Logo (FICHTNER)\"><\/p>\n<h3>FICHTNER<\/h3>\n<\/li>\n<li>\n<p>        <img decoding=\"async\" src=\"\/Bilder\/Kunden--Logo--GFA-Consulting-Group-GmbH.svg\" alt=\"Logo (GFA Consulting Group)\"><\/p>\n<h3>GFA Consulting Group<\/h3>\n<\/li>\n<li>\n<p>        <img decoding=\"async\" src=\"\/Bilder\/Kunden--Logo--IPR-Forum.svg\" alt=\"Logo (IPR Forum)\"><\/p>\n<h3>IPR Forum<\/h3>\n<\/li>\n<li>\n<p>        <img decoding=\"async\" src=\"\/Bilder\/Kunden--Logo--Leipziger-Stadtwerke.svg\" alt=\"Logo (Leipziger Stadtwerke)\"><\/p>\n<h3>Leipziger Stadtwerke<\/h3>\n<\/li>\n<li>\n<p>        <img decoding=\"async\" src=\"\/Bilder\/Kunden--Logo--RheinEnergie.svg\" alt=\"Logo (RheinEnergie)\"><\/p>\n<h3>RheinEnergie<\/h3>\n<\/li>\n<\/ul>\n<p>[mail]<\/p>\n<h2>Jetzt Kontakt aufnehmen<\/h2>\n<hr>\n<div>* Bitte geben Sie Ihren vollst\u00e4ndigen Namen<br \/>\nund Ihre E-Mail Adresse an.<\/div>\n<p><img decoding=\"async\" src=\"\/Bilder\/thumbnails\/KrueckConsult--Mirko-Krueck.jpg\" alt=\"Mirko Kr\u00fcck\"><\/p>\n<ul>\n<li>\n<h3><i uk-icon=\"icon: location;\"><\/i><\/h3>\n<p>Adresse<\/p>\n<div><strong>KrueckConsult <sup><small>.com<\/small><\/sup><\/strong><br \/>\n<em>&#8211; Herr Mirko Kr\u00fcck &#8211;<\/em><br \/>\nHelga-Seibert-Stra\u00dfe 43<br \/>\n76149 Karlsruhe<br \/>\nBaden-W\u00fcrttemberg<br \/>\nDeutschland<\/div>\n<\/li>\n<li>\n<h3><i uk-icon=\"icon: phone;\"><\/i><\/h3>\n<p>Mobil<\/p>\n<div>+49 (0)171 \/ 4837911<\/div>\n<\/li>\n<li>\n<h3><i uk-icon=\"icon: mail;\"><\/i><\/h3>\n<p>E-Mail<\/p>\n<div>mk@krueckconsult.com<\/div>\n<\/li>\n<\/ul>\n<ul>\n<li><a href=\"https:\/\/www.linkedin.com\/in\/mirko-kr%C3%BCck-62650130\">linkedin<\/a>\n<\/li>\n<\/ul>\n<div>\n<div class=\"wpcf7 no-js\" id=\"wpcf7-f212-o1\" lang=\"de-DE\" dir=\"ltr\" data-wpcf7-id=\"212\">\n<div class=\"screen-reader-response\"><p role=\"status\" aria-live=\"polite\" aria-atomic=\"true\"><\/p> <ul><\/ul><\/div>\n<form action=\"\/de\/wp-json\/wp\/v2\/pages\/2#wpcf7-f212-o1\" method=\"post\" class=\"wpcf7-form init\" aria-label=\"Kontaktformular\" novalidate=\"novalidate\" data-status=\"init\">\n<fieldset class=\"hidden-fields-container\"><input type=\"hidden\" name=\"_wpcf7\" value=\"212\" \/><input type=\"hidden\" name=\"_wpcf7_version\" value=\"6.1.5\" \/><input type=\"hidden\" name=\"_wpcf7_locale\" value=\"de_DE\" \/><input type=\"hidden\" name=\"_wpcf7_unit_tag\" value=\"wpcf7-f212-o1\" \/><input type=\"hidden\" name=\"_wpcf7_container_post\" value=\"0\" \/><input type=\"hidden\" name=\"_wpcf7_posted_data_hash\" value=\"\" \/>\n<\/fieldset>\n<fieldset class=\"uk-fieldset uk-grid-small\" uk-grid>\n\t<div class=\"uk-width-1-1\">\n\t\t<p><span class=\"wpcf7-form-control-wrap\" data-name=\"Firma\"><input size=\"40\" maxlength=\"400\" class=\"wpcf7-form-control wpcf7-text uk-input\" id=\"Firma\" aria-invalid=\"false\" placeholder=\"Firma\" value=\"\" type=\"text\" name=\"Firma\" \/><\/span>\n\t\t<\/p>\n\t<\/div>\n\t<div class=\"uk-width-1-2@s\">\n\t\t<p><span class=\"wpcf7-form-control-wrap\" data-name=\"Vorname\"><input size=\"40\" maxlength=\"400\" class=\"wpcf7-form-control wpcf7-text wpcf7-validates-as-required uk-input\" id=\"Vorname\" aria-required=\"true\" aria-invalid=\"false\" placeholder=\"Vorname *\" value=\"\" type=\"text\" name=\"Vorname\" \/><\/span>\n\t\t<\/p>\n\t<\/div>\n\t<div class=\"uk-width-1-2@s\">\n\t\t<p><span class=\"wpcf7-form-control-wrap\" data-name=\"Name\"><input size=\"40\" maxlength=\"400\" class=\"wpcf7-form-control wpcf7-text wpcf7-validates-as-required uk-input\" id=\"name\" aria-required=\"true\" aria-invalid=\"false\" placeholder=\"Name *\" value=\"\" type=\"text\" name=\"Name\" \/><\/span>\n\t\t<\/p>\n\t<\/div>\n\t<div class=\"uk-width-1-2@s\">\n\t\t<p><span class=\"wpcf7-form-control-wrap\" data-name=\"Telefon\"><input size=\"40\" maxlength=\"400\" class=\"wpcf7-form-control wpcf7-tel wpcf7-text wpcf7-validates-as-tel uk-input\" id=\"Telefon\" aria-invalid=\"false\" placeholder=\"Telefon\" value=\"\" type=\"tel\" name=\"Telefon\" \/><\/span>\n\t\t<\/p>\n\t<\/div>\n\t<div class=\"uk-width-1-2@s\">\n\t\t<p><span class=\"wpcf7-form-control-wrap\" data-name=\"E-Mail\"><input size=\"40\" maxlength=\"400\" class=\"wpcf7-form-control wpcf7-email wpcf7-validates-as-required wpcf7-text wpcf7-validates-as-email uk-input\" id=\"email\" aria-required=\"true\" aria-invalid=\"false\" placeholder=\"E-Mail *\" value=\"\" type=\"email\" name=\"E-Mail\" \/><\/span>\n\t\t<\/p>\n\t<\/div>\n\t<div class=\"uk-width-1-1\">\n\t\t<p><span class=\"wpcf7-form-control-wrap\" data-name=\"Nachricht\"><textarea cols=\"40\" rows=\"10\" maxlength=\"2000\" minlength=\"10\" class=\"wpcf7-form-control wpcf7-textarea wpcf7-validates-as-required uk-textarea\" id=\"Nachricht\" aria-required=\"true\" aria-invalid=\"false\" placeholder=\"Nachricht *\" name=\"Nachricht\"><\/textarea><\/span>\n\t\t<\/p>\n\t<\/div>\n\t<div class=\"uk-width-1-1\">\n\t\t<p><span class=\"wpcf7-form-control-wrap\" data-name=\"Datenschutz\"><span class=\"wpcf7-form-control wpcf7-acceptance\"><span class=\"wpcf7-list-item\"><label><input type=\"checkbox\" name=\"Datenschutz\" value=\"1\" class=\"uk-checkbox uk-display-inline-block uk-float-left uk-margin-small-right\" id=\"Datenschutz\" aria-invalid=\"false\" \/><span class=\"wpcf7-list-item-label\"><span style=\"display: inline-block; margin-top: -8px !important; max-width: calc(100% - 40px);\">Ich habe die <a href=\"\/de\/datenschutzerklaerung\" target=\"_blank\" title=\"Datenschutzerkl\u00e4rung\">Datenschutzerkl\u00e4rung<\/a> gelesen. Ich stimme zu, dass meine Angaben zur Kontaktaufnahme bzw. R\u00fcckfragen f\u00fcr die Zeit der Bearbeitung gespeichert werden.<\/span><\/span><\/label><\/span><\/span><\/span>\n\t\t<\/p>\n\t<\/div>\n\t<div class=\"uk-width-1-1\">\n\t\t<p><span class=\"wpcf7-form-control-wrap\" data-name=\"quiz-646\"><label><span class=\"wpcf7-quiz-label\">Wie lautet unsere  PLZ in Karlsruhe? *<\/span> <input size=\"40\" class=\"wpcf7-form-control wpcf7-quiz uk-input\" id=\"quiz\" autocomplete=\"off\" aria-required=\"true\" aria-invalid=\"false\" type=\"text\" name=\"quiz-646\" \/><\/label><input type=\"hidden\" name=\"_wpcf7_quiz_answer_quiz-646\" value=\"b8f6a382d3df3a33f3689e9a061752a2\" \/><\/span>\n\t\t<\/p>\n\t<\/div>\n\t<div class=\"uk-width-1-1\">\n\t\t<p><input class=\"wpcf7-form-control wpcf7-submit has-spinner uk-button uk-button-primary\" id=\"submit\" type=\"submit\" value=\"Anfrage senden\" \/>\n\t\t<\/p>\n\t<\/div>\n<\/fieldset>\n<style>\n .wpcf7-list-item {\n margin-left: 0;\n }\n\n .wpcf7-list-item input[type=\"checkbox\"] {\n margin-left: -8px !important;\n }\n<\/style><div class=\"wpcf7-response-output\" aria-hidden=\"true\"><\/div>\n<\/form>\n<\/div>\n<\/div>\n<p><!--more--><br \/>\n<!-- {\"type\":\"layout\",\"children\":[{\"type\":\"section\",\"props\":{\"image\":\"Bilder\/KrueckConsult--Aletschgletscher--UNESCO-Weltnaturerbe.jpg\",\"image_effect\":\"fixed\",\"image_height\":\"1080\",\"image_position\":\"center-center\",\"image_size\":\"cover\",\"image_width\":\"1920\",\"overlap\":false,\"padding_bottom\":\"none\",\"padding_remove_horizontal\":false,\"padding_top\":\"none\",\"style\":\"default\",\"title_breakpoint\":\"xl\",\"title_position\":\"top-left\",\"title_rotation\":\"left\",\"vertical_align\":\"\",\"width\":\"\"},\"children\":[{\"type\":\"row\",\"children\":[{\"type\":\"column\",\"props\":{\"css\":\".el-column {\\n    min-height: 66vh;\\n}\",\"image_position\":\"center-center\",\"position_sticky_breakpoint\":\"m\",\"vertical_align\":\"bottom\"},\"children\":[{\"type\":\"panel\",\"props\":{\"content\":\"<i uk-icon=\\\"icon: receiver; ratio: 1.5;\\\"><\/i> +49 (0)171 \/ 4837911\\n\n\n<div class=\\\"uk-margin-top\\\">Energieeffizienz- &amp; Klimaschutz-Netzwerke<\/div>\n\n\\n\n\n<div>Decarbonisierungs-Roadmaps<\/div>\n\n\\n\n\n<div>Energiedienstleistungen<\/div>\n\n\",\"content_column_breakpoint\":\"m\",\"content_margin\":\"small\",\"content_style\":\"text-lead\",\"css\":\".el-content div {\\n    color: #fff;\\n    font-size: .85em;\\n}\\n\\n.el-element {\\n    background-color: rgba(43, 102, 170, .9) !important;\\n}\\n\\n.el-title {\\n    letter-spacing: 1px;\\n}\\n\\n@media only screen and (max-width: 414px) {\\n    .el-content div {\\n        font-size: .73em;\\n    }\\n\\n    .el-meta {\\n        font-family: 'Open Sans Condensed';\\n        font-size: 16px;\\n        font-weight: normal;\\n    }\\n}\\n\\n@media only screen and (max-width: 393px) {\\n    .el-content div {\\n        font-size: .66em;\\n    }\\n\\n    .el-meta {\\n        font-family: 'Open Sans Condensed';\\n        font-size: 14px;\\n        font-weight: normal;\\n    }\\n\\n    .el-title {\\n        font-size: 24px;\\n    }\\n}\\n\\n@media only screen and (max-width: 360px) {\\n    .el-content {\\n        font-size: 20px;\\n    }\\n\\n    .el-content div {\\n        font-size: .66em;\\n        letter-spacing: -1px;\\n    }\\n\\n    .el-meta {\\n        font-family: 'Open Sans Condensed';\\n        font-size: 12px;\\n        font-weight: normal;\\n    }\\n\\n    .el-title {\\n        font-size: 20px;\\n    }\\n}\",\"image_align\":\"top\",\"image_grid_breakpoint\":\"m\",\"image_grid_width\":\"1-2\",\"image_svg_color\":\"emphasis\",\"link_style\":\"default\",\"link_text\":\"Read more\",\"margin_bottom\":\"default\",\"margin_top\":\"default\",\"maxwidth\":\"large\",\"meta\":\" Energieeffizienz-Netzwerke und Klimaschutzpolitik\",\"meta_align\":\"below-title\",\"meta_color\":\"secondary\",\"meta_element\":\"div\",\"meta_margin\":\"remove\",\"meta_style\":\"\",\"panel_padding\":\"small\",\"panel_style\":\"card-secondary\",\"text_align\":\"center\",\"title\":\"<strong>KrueckConsult<\/strong><sup><small>.com<\/small><\/sup>\",\"title_align\":\"top\",\"title_color\":\"primary\",\"title_element\":\"h1\",\"title_grid_breakpoint\":\"m\",\"title_grid_width\":\"1-2\",\"title_hover_style\":\"reset\",\"title_style\":\"h1\"}}]}],\"props\":{\"column_gap\":\"collapse\",\"margin_bottom\":\"remove\",\"margin_top\":\"remove\",\"padding_remove_horizontal\":false,\"row_gap\":\"collapse\",\"width\":\"default\"}},{\"type\":\"row\",\"children\":[{\"type\":\"column\",\"props\":{\"image_position\":\"center-center\",\"position_sticky_breakpoint\":\"m\"},\"children\":[{\"type\":\"text\",\"props\":{\"column_breakpoint\":\"m\",\"content\":\"\n\n<div><\/div>\n\n\",\"css\":\".el-element {\\n    -webkit-transform: rotate(360deg);\\n    border-color: transparent #fff transparent #fff;\\n    border-style: solid;\\n    border-width: 6vh 50vw 0 50vw;\\n    height: 0px;\\n    width: 0px;\\n}\",\"margin_bottom\":\"default\",\"margin_top\":\"default\"},\"name\":\"- Dreieck -\"}]}]}],\"name\":\"Header\"},{\"type\":\"section\",\"props\":{\"image_position\":\"center-center\",\"padding_bottom\":\"small\",\"padding_top\":\"small\",\"style\":\"default\",\"title_breakpoint\":\"xl\",\"title_position\":\"top-left\",\"title_rotation\":\"left\",\"vertical_align\":\"\",\"width\":\"default\"},\"children\":[{\"type\":\"row\",\"children\":[{\"type\":\"column\",\"props\":{\"image_position\":\"center-center\",\"position_sticky_breakpoint\":\"m\"},\"children\":[{\"type\":\"icon\",\"props\":{\"icon\":\"microphone\",\"icon_color\":\"muted\",\"icon_width\":60,\"margin_bottom\":\"remove\",\"margin_top\":\"default\",\"text_align\":\"center\",\"text_align_breakpoint\":\"m\",\"text_align_fallback\":\"left\"}},{\"type\":\"headline\",\"props\":{\"class\":\"uk-text-bold\",\"content\":\"KrueckConsult<sup><small>.com<\/small><\/sup>&nbsp;: ein Beratungsunternehmen im Bereich der Energieeffizienz- sowie Klimaschutz-Netzwerke und der Kohlenstoffminderungspolitik.\",\"css\":\"@media only screen and (min-width: 600px) {\\n    .el-element {\\n        -moz-hyphens: none;\\n        -ms-hyphens: none;\\n        -o-hyphens: none;\\n        -webkit-hyphens: none;\\n        hyphens: none;\\n    }\\n}\",\"image_align\":\"left\",\"image_margin\":\"xsmall\",\"margin_top\":\"remove\",\"text_align\":\"center\",\"text_align_breakpoint\":\"m\",\"title_color\":\"muted\",\"title_element\":\"h2\"}},{\"type\":\"divider\",\"props\":{\"css\":\".el-element::after {\\n    border-color: #888E8f;\\n}\",\"divider_align\":\"center\",\"divider_align_breakpoint\":\"m\",\"divider_align_fallback\":\"left\",\"divider_element\":\"hr\",\"divider_style\":\"small\"}},{\"type\":\"text\",\"props\":{\"column_breakpoint\":\"m\",\"content\":\"\n\n<p>Mirko Kr\u00fcck ist Experte f\u00fcr Energieeffizienz und unterst\u00fctzt Unternehmen bei der Planung und Umsetzung konkreter Projekte zur Senkung von Energieverbrauch und CO\u2082-Emissionen. Sein Schwerpunkt liegt auf Energieeffizienz-Netzwerken, internationalen Projekten und praxisnahen L\u00f6sungen f\u00fcr eine wirtschaftlich erfolgreiche Energiewende.<\/p>\n\n\",\"margin_bottom\":\"default\",\"margin_top\":\"default\",\"text_align\":\"center\",\"text_align_breakpoint\":\"m\",\"text_align_fallback\":\"left\",\"text_color\":\"muted\",\"text_style\":\"large\"}}]}]}],\"name\":\"Intro\"},{\"type\":\"section\",\"props\":{\"css\":\".el-section {\\n    background-color: #f6fafd;\\n}\",\"image_position\":\"center-center\",\"padding_bottom\":\"none\",\"padding_top\":\"none\",\"style\":\"default\",\"title_breakpoint\":\"xl\",\"title_position\":\"top-left\",\"title_rotation\":\"left\",\"vertical_align\":\"\",\"width\":\"\"},\"children\":[{\"type\":\"row\",\"children\":[{\"type\":\"column\",\"props\":{\"image_position\":\"center-center\",\"position_sticky_breakpoint\":\"m\"},\"children\":[{\"type\":\"text\",\"props\":{\"column_breakpoint\":\"m\",\"content\":\"\n\n<div><\/div>\n\n\",\"css\":\".el-element {\\n    -webkit-transform: rotate(360deg);\\n    border-color: #fff transparent transparent transparent;\\n    border-style: solid;\\n    border-width: 6vh 50vw 0 50vw;\\n    height: 0px;\\n    width: 0px;\\n}\",\"margin_bottom\":\"default\",\"margin_top\":\"default\"}}]}]}],\"name\":\"- Dreieck -\"},{\"type\":\"section\",\"props\":{\"css\":\".el-section {\\n    background-color: #f6fafd;\\n}\",\"image_position\":\"center-center\",\"padding_bottom\":\"none\",\"padding_top\":\"small\",\"style\":\"default\",\"title_breakpoint\":\"xl\",\"title_position\":\"top-left\",\"title_rotation\":\"left\",\"vertical_align\":\"\",\"width\":\"default\"},\"children\":[{\"type\":\"row\",\"children\":[{\"type\":\"column\",\"props\":{\"image_position\":\"center-center\",\"position_sticky_breakpoint\":\"m\"},\"children\":[{\"type\":\"icon\",\"props\":{\"icon\":\"commenting\",\"icon_color\":\"secondary\",\"icon_width\":60,\"margin_bottom\":\"remove\",\"margin_top\":\"default\",\"text_align\":\"center\",\"text_align_breakpoint\":\"m\",\"text_align_fallback\":\"left\"}},{\"type\":\"headline\",\"props\":{\"class\":\"uk-text-bold\",\"content\":\"\u00dcber mich\",\"image_align\":\"left\",\"image_margin\":\"xsmall\",\"margin_top\":\"remove\",\"text_align\":\"center\",\"text_align_breakpoint\":\"m\",\"title_color\":\"secondary\",\"title_element\":\"h2\"}},{\"type\":\"divider\",\"props\":{\"css\":\".el-element::after {\\n    border-color: #2b66aa;\\n}\",\"divider_align\":\"center\",\"divider_align_breakpoint\":\"m\",\"divider_align_fallback\":\"left\",\"divider_element\":\"hr\",\"divider_style\":\"small\"}}]}]},{\"type\":\"row\",\"props\":{\"divider\":true,\"layout\":\"1-2,1-2\"},\"children\":[{\"type\":\"column\",\"props\":{\"image_position\":\"center-center\",\"position_sticky_breakpoint\":\"m\",\"width_medium\":\"1-2\"},\"children\":[{\"type\":\"text\",\"props\":{\"column_breakpoint\":\"m\",\"content\":\"Mirko Kr\u00fcck ist Berater und Unternehmer mit klarem Fokus auf Energieeffizienz in Industrie und Unternehmen. Er unterst\u00fctzt Organisationen dabei, konkrete Energieeffizienzma\u00dfnahmen zu identifizieren, umzusetzen und langfristig zu verankern, um Energiekosten zu senken und CO\u2082-Emissionen nachhaltig zu reduzieren.\",\"css\":\".el-element {\\n    -moz-hyphens: none;\\n    -ms-hyphens: none;\\n    -o-hyphens: none;\\n    -webkit-hyphens: none;\\n    hyphens: none;\\n}\",\"margin_bottom\":\"default\",\"margin_top\":\"default\"}},{\"type\":\"text\",\"props\":{\"column_breakpoint\":\"m\",\"content\":\"Als Leiter von krueckconsult entwickelt und begleitet er praxisorientierte Energieeffizienz-Projekte, insbesondere im Rahmen von Energieeffizienz-Netzwerken, Transformationsprogrammen und internationalen Kooperationen. Dabei arbeitet er eng mit Unternehmen, \u00f6ffentlichen Institutionen und internationalen Partnern zusammen.\",\"css\":\".el-element {\\n    -moz-hyphens: none;\\n    -ms-hyphens: none;\\n    -o-hyphens: none;\\n    -webkit-hyphens: none;\\n    hyphens: none;\\n}\",\"margin_bottom\":\"default\",\"margin_top\":\"default\"}}]},{\"type\":\"column\",\"props\":{\"image_position\":\"center-center\",\"position_sticky_breakpoint\":\"m\",\"width_medium\":\"1-2\"},\"children\":[{\"type\":\"text\",\"props\":{\"column_breakpoint\":\"m\",\"content\":\"Ein besonderer Schwerpunkt seiner Arbeit liegt auf der Konzeption und Umsetzung von Projekten im internationalen Kontext, unter anderem in Europa, Asien und Afrika. Hier unterst\u00fctzt er beim Aufbau von Energieeffizienz-Strukturen, Trainingsprogrammen und lokalen Netzwerken, um nachhaltige Wirkung vor Ort zu erzielen.\",\"css\":\".el-element {\\n    -moz-hyphens: none;\\n    -ms-hyphens: none;\\n    -o-hyphens: none;\\n    -webkit-hyphens: none;\\n    hyphens: none;\\n}\",\"margin_bottom\":\"default\",\"margin_top\":\"default\"}},{\"type\":\"text\",\"props\":{\"column_breakpoint\":\"m\",\"content\":\"Durch seine Erfahrung verbindet er technisches Know-how mit strategischer Beratung und sorgt daf\u00fcr, dass Energieeffizienz nicht nur geplant, sondern messbar umgesetzt wird. Unternehmen profitieren von konkreten Einsparungen, erh\u00f6hter Wettbewerbsf\u00e4higkeit und einer zukunftssicheren Ausrichtung.\",\"css\":\".el-element {\\n    -moz-hyphens: none;\\n    -ms-hyphens: none;\\n    -o-hyphens: none;\\n    -webkit-hyphens: none;\\n    hyphens: none;\\n}\",\"margin_bottom\":\"default\",\"margin_top\":\"default\"}}]}]},{\"type\":\"row\",\"children\":[{\"type\":\"column\",\"props\":{\"image_position\":\"center-center\",\"position_sticky_breakpoint\":\"m\"},\"children\":[{\"type\":\"button\",\"props\":{\"grid_column_gap\":\"small\",\"grid_row_gap\":\"small\",\"margin_bottom\":\"default\",\"margin_top\":\"default\",\"text_align\":\"center\"},\"children\":[{\"type\":\"button_item\",\"props\":{\"button_style\":\"secondary\",\"content\":\"LinkedIn Profil\",\"dialog_layout\":\"modal\",\"dialog_offcanvas_flip\":true,\"icon\":\"arrow-right\",\"icon_align\":\"left\",\"link\":\"http:\/\/www.linkedin.com\/in\/mirko-kr\u00fcck-62650130\",\"link_rel_nofollow\":true,\"link_rel_noreferrer\":true,\"link_target\":true,\"link_title\":\"LinkedIn\"}}]}]}]},{\"type\":\"row\",\"children\":[{\"type\":\"column\",\"props\":{\"image_position\":\"center-center\",\"position_sticky_breakpoint\":\"m\"},\"children\":[{\"type\":\"panel-slider\",\"props\":{\"content_column_breakpoint\":\"m\",\"css\":\".uk-dotnav li a {\\n    background-color: #fff;\\n}\\n\\n.uk-dotnav li.uk-active a {\\n    background-color: #2b66aa;\\n}\",\"image_align\":\"top\",\"image_grid_breakpoint\":\"m\",\"image_grid_width\":\"1-2\",\"image_svg_color\":\"emphasis\",\"image_svg_inline\":false,\"link_style\":\"default\",\"link_text\":\"Read more\",\"margin_bottom\":\"default\",\"margin_top\":\"default\",\"meta_align\":\"below-title\",\"meta_element\":\"div\",\"meta_style\":\"text-meta\",\"nav\":\"dotnav\",\"nav_align\":\"center\",\"nav_breakpoint\":\"s\",\"nav_margin\":\"small\",\"panel_match\":true,\"show_content\":true,\"show_hover_image\":true,\"show_hover_video\":true,\"show_image\":true,\"show_link\":true,\"show_meta\":true,\"show_title\":false,\"show_video\":true,\"slidenav\":\"outside\",\"slidenav_breakpoint\":\"xl\",\"slidenav_margin\":\"medium\",\"slidenav_outside_breakpoint\":\"xl\",\"slider_autoplay\":true,\"slider_autoplay_pause\":true,\"slider_divider\":false,\"slider_gap\":\"large\",\"slider_width\":\"fixed\",\"slider_width_default\":\"1-1\",\"slider_width_medium\":\"1-5\",\"slider_width_small\":\"1-2\",\"title_align\":\"top\",\"title_element\":\"h3\",\"title_grid_breakpoint\":\"m\",\"title_grid_width\":\"1-2\",\"title_hover_style\":\"reset\"},\"children\":[{\"type\":\"panel-slider_item\",\"props\":{\"image\":\"Bilder\/Kunden--Logo--AggerEnergie.svg\",\"image_alt\":\"Logo (AggerEnergie)\",\"title\":\"AggerEnergie - Gemeinsam f\u00fcr unsere Region\"}},{\"type\":\"panel-slider_item\",\"props\":{\"image\":\"Bilder\/Kunden--Logo--badenova-AG-und-Co-KG.svg\",\"image_alt\":\"Logo (badenova)\",\"title\":\"badenova\"}},{\"type\":\"panel-slider_item\",\"props\":{\"image\":\"Bilder\/Kunden--Logo--bnNETZE-GmbH.svg\",\"image_alt\":\"Logo (bnNETZE)\",\"title\":\"bnNETZE\"}},{\"type\":\"panel-slider_item\",\"props\":{\"image\":\"Bilder\/Kunden--Logo--GIZ.svg\",\"image_alt\":\"Logo (Deutsche Gesellschaft f\u00fcr Internationale Zusammenarbeit (GIZ))\",\"title\":\"Deutsche Gesellschaft f\u00fcr Internationale Zusammenarbeit (GIZ)\"}},{\"type\":\"panel-slider_item\",\"props\":{\"image\":\"Bilder\/Kunden--Logo--Fichtner-GmbH-und-Co.-KG.svg\",\"image_alt\":\"Logo (FICHTNER)\",\"title\":\"FICHTNER\"}},{\"type\":\"panel-slider_item\",\"props\":{\"image\":\"Bilder\/Kunden--Logo--GFA-Consulting-Group-GmbH.svg\",\"image_alt\":\"Logo (GFA Consulting Group)\",\"title\":\"GFA Consulting Group\"}},{\"type\":\"panel-slider_item\",\"props\":{\"image\":\"Bilder\/Kunden--Logo--IPR-Forum.svg\",\"image_alt\":\"Logo (IPR Forum)\",\"title\":\"IPR Forum\"}},{\"type\":\"panel-slider_item\",\"props\":{\"image\":\"Bilder\/Kunden--Logo--Leipziger-Stadtwerke.svg\",\"image_alt\":\"Logo (Leipziger Stadtwerke)\",\"title\":\"Leipziger Stadtwerke\"}},{\"type\":\"panel-slider_item\",\"props\":{\"image\":\"Bilder\/Kunden--Logo--RheinEnergie.svg\",\"image_alt\":\"Logo (RheinEnergie)\",\"title\":\"RheinEnergie\"}}]}]}]},{\"type\":\"row\",\"children\":[{\"type\":\"column\",\"props\":{\"image_position\":\"center-center\",\"position_sticky_breakpoint\":\"m\"}}]}],\"name\":\"Projekte\"},{\"type\":\"section\",\"props\":{\"image_parallax_bgx\":\"-50,-50\",\"image_position\":\"bottom-center\",\"image_size\":\"contain\",\"padding_bottom\":\"none\",\"padding_top\":\"small\",\"style\":\"muted\",\"title_breakpoint\":\"xl\",\"title_position\":\"top-left\",\"title_rotation\":\"left\",\"vertical_align\":\"\",\"width\":\"default\"},\"children\":[{\"type\":\"row\",\"children\":[{\"type\":\"column\",\"props\":{\"image_position\":\"center-center\",\"position_sticky_breakpoint\":\"m\"},\"children\":[{\"type\":\"icon\",\"props\":{\"icon\":\"mail\",\"icon_color\":\"secondary\",\"icon_width\":60,\"margin_bottom\":\"remove\",\"margin_top\":\"default\",\"text_align\":\"center\",\"text_align_breakpoint\":\"m\",\"text_align_fallback\":\"left\"}},{\"type\":\"headline\",\"props\":{\"content\":\"Jetzt Kontakt aufnehmen\",\"image_align\":\"left\",\"image_margin\":\"xsmall\",\"margin_top\":\"remove\",\"text_align\":\"center\",\"text_align_breakpoint\":\"m\",\"title_color\":\"secondary\",\"title_element\":\"h2\"}},{\"type\":\"divider\",\"props\":{\"css\":\".el-element::after {\\n    border-color: #2b66aa;\\n}\",\"divider_align\":\"center\",\"divider_align_breakpoint\":\"m\",\"divider_align_fallback\":\"left\",\"divider_element\":\"hr\",\"divider_style\":\"small\"}},{\"type\":\"text\",\"props\":{\"column_breakpoint\":\"m\",\"content\":\"* Bitte geben Sie Ihren vollst\u00e4ndigen Namen\\nund Ihre E-Mail Adresse an.\",\"margin_bottom\":\"default\",\"margin_top\":\"default\",\"text_align\":\"center\",\"text_align_breakpoint\":\"m\",\"text_align_fallback\":\"left\"}}]}]},{\"type\":\"row\",\"props\":{\"layout\":\"1-3,2-3\"},\"children\":[{\"type\":\"column\",\"props\":{\"image_position\":\"center-center\",\"position_sticky_breakpoint\":\"m\",\"width_medium\":\"1-3\"},\"children\":[{\"type\":\"image\",\"props\":{\"css\":\".el-image, .el-item {\\n    border-radius: 50%;\\n}\\n\\n.el-image {\\n    background-color: #fff;\\n    border: 1px solid #789F3a;\\n    padding: 10px;\\n}\",\"image\":\"Bilder\/thumbnails\/KrueckConsult--Mirko-Krueck.jpg\",\"image_alt\":\"Mirko Kr\u00fcck\",\"image_svg_color\":\"emphasis\",\"image_width\":\"200\",\"lightbox\":true,\"margin_bottom\":\"default\",\"margin_top\":\"default\"}},{\"type\":\"description_list\",\"props\":{\"column_breakpoint\":\"m\",\"layout\":\"grid-2\",\"list_element\":\"ul\",\"meta_align\":\"below-content\",\"meta_style\":\"text-meta\",\"show_content\":true,\"show_link\":true,\"show_meta\":true,\"show_title\":true,\"title_color\":\"primary\",\"title_element\":\"div\",\"title_grid_column_gap\":\"small\",\"title_grid_row_gap\":\"small\",\"title_grid_width\":\"auto\"},\"children\":[{\"type\":\"description_list_item\",\"props\":{\"content\":\"<strong>KrueckConsult <sup><small>.com<\/small><\/sup><\/strong><br \/>\\n<em>- Herr Mirko Kr\u00fcck -<\/em><br \/>\\nHelga-Seibert-Stra\u00dfe 43<br \/>\\n76149 Karlsruhe<br \/>\\nBaden-W\u00fcrttemberg<br \/>\\nDeutschland\",\"meta\":\"Adresse\",\"title\":\"<i uk-icon=\\\"icon: location;\\\"><\/i>\"}},{\"type\":\"description_list_item\",\"props\":{\"content\":\"+49 (0)171 \/ 4837911\",\"meta\":\"Mobil\",\"title\":\"<i uk-icon=\\\"icon: phone;\\\"><\/i>\"}},{\"type\":\"description_list_item\",\"props\":{\"content\":\"mk@krueckconsult.com\",\"meta\":\"E-Mail\",\"title\":\"<i uk-icon=\\\"icon: mail;\\\"><\/i>\"}}]},{\"type\":\"social\",\"props\":{\"css\":\".el-link {\\n    background-color: #789f3a;\\n    color: #fff;\\n}\\n\\n.el-link:focus,\\n.el-link:hover {\\n    color: #fff;\\n}\",\"grid\":\"horizontal\",\"grid_column_gap\":\"small\",\"grid_row_gap\":\"small\",\"image_svg_inline\":true,\"link_style\":\"button\",\"link_target\":true,\"margin_bottom\":\"default\",\"margin_top\":\"default\"},\"children\":[{\"type\":\"social_item\",\"props\":{\"link\":\"https:\/\/www.linkedin.com\/in\/mirko-kr%C3%BCck-62650130\"}}]}]},{\"type\":\"column\",\"props\":{\"image_position\":\"center-center\",\"position_sticky_breakpoint\":\"m\",\"width_medium\":\"2-3\"},\"children\":[{\"type\":\"text\",\"props\":{\"column_breakpoint\":\"m\",\"content\":\"[contact-form-7 id=\\\"212\\\" title=\\\"Kontaktformular\\\"]\",\"margin_bottom\":\"default\",\"margin_top\":\"default\"}}]}]}],\"name\":\"Kontakt\"}],\"version\":\"5.0.24\",\"yooessentialsVersion\":\"1.5.15\"} --><\/p>\n","protected":false},"excerpt":{"rendered":"<p>KrueckConsult.com Energieeffizienz-Netzwerke und Klimaschutzpolitik +49 (0)171 \/ 4837911 Energieeffizienz- &amp; Klimaschutz-Netzwerke Decarbonisierungs-Roadmaps Energiedienstleistungen [microphone] KrueckConsult.com&nbsp;: ein Beratungsunternehmen im Bereich der [&hellip;]<\/p>\n","protected":false},"author":1,"featured_media":0,"parent":0,"menu_order":3,"comment_status":"closed","ping_status":"closed","template":"","meta":{"footnotes":""},"class_list":["post-2","page","type-page","status-publish","hentry"],"aioseo_notices":[],"_links":{"self":[{"href":"https:\/\/krueckconsult.com\/de\/wp-json\/wp\/v2\/pages\/2","targetHints":{"allow":["GET"]}}],"collection":[{"href":"https:\/\/krueckconsult.com\/de\/wp-json\/wp\/v2\/pages"}],"about":[{"href":"https:\/\/krueckconsult.com\/de\/wp-json\/wp\/v2\/types\/page"}],"author":[{"embeddable":true,"href":"https:\/\/krueckconsult.com\/de\/wp-json\/wp\/v2\/users\/1"}],"replies":[{"embeddable":true,"href":"https:\/\/krueckconsult.com\/de\/wp-json\/wp\/v2\/comments?post=2"}],"version-history":[{"count":0,"href":"https:\/\/krueckconsult.com\/de\/wp-json\/wp\/v2\/pages\/2\/revisions"}],"wp:attachment":[{"href":"https:\/\/krueckconsult.com\/de\/wp-json\/wp\/v2\/media?parent=2"}],"curies":[{"name":"wp","href":"https:\/\/api.w.org\/{rel}","templated":true}]}}